{"id":3488,"date":"2023-04-04T14:04:13","date_gmt":"2023-04-04T12:04:13","guid":{"rendered":"https:\/\/www.samsic.aero\/politique-de-confidentialite\/"},"modified":"2025-01-02T09:40:31","modified_gmt":"2025-01-02T08:40:31","slug":"politique-de-confidentialite","status":"publish","type":"page","link":"https:\/\/www.samsic.aero\/fr\/politique-de-confidentialite\/","title":{"rendered":"Politique de confidentialit\u00e9"},"content":{"rendered":"<h1><strong style=\"font-size: 16px;\">1.1 Site :<\/strong><span style=\"font-size: 16px;\">\u00a0<\/span><a style=\"font-size: 16px;\" href=\"https:\/\/www.samsic-facility.fr\/?__hstc=104229599.cdd06af57c3a1a433e87dfa329096883.1703844568800.1730967910829.1730991583228.157&amp;__hssc=104229599.2.1730991583228&amp;__hsfp=1662940564\" target=\"_blank\" rel=\"noopener\"><strong>https:\/\/www.samsic.aero\/<\/strong><\/a><\/h1>\n<div class=\"mce-content-body\">\n<p><strong>1.2<\/strong>\u00a0<strong>\u00c9diteur\u00a0<\/strong>(ci-apr\u00e8s l\u2019 \u00ab\u00a0<strong>\u00c9<\/strong><strong>diteur<\/strong>\u00a0\u00bb) :<\/p>\n<p><strong>SAMSIC SAS<\/strong><\/p>\n<p>Soci\u00e9t\u00e9 par actions simplifi\u00e9e au capital de\u00a045\u00a0000 000 \u20ac<\/p>\n<p>Ayant son si\u00e8ge social situ\u00e9 au 6, rue de Ch\u00e2tillon \u2013 La Rigourdi\u00e8re, 35510 CESSON-SEVIGNE<\/p>\n<p>Identifi\u00e9e sous le num\u00e9ro 403\u00a0227 796 RCS RENNES<\/p>\n<p>SIRET : 403\u00a0227\u00a0796 00048<\/p>\n<ul>\n<li>TVA : FR 86\u00a0403\u00a0227 796<\/li>\n<li>APE : 7010Z \u2013 Activit\u00e9s des si\u00e8ges sociaux<\/li>\n<li>T\u00e9l. 02 99 86 92 90<\/li>\n<\/ul>\n<p>Adresse de courrier \u00e9lectronique :\u00a0<a tabindex=\"-1\" href=\"mailto:contact@samsic-facility.fr\">marketing@samsic.fr<\/a><\/p>\n<p>Le directeur de la publication du Site est Monsieur Thierry GEFFROY, en qualit\u00e9 de Pr\u00e9sident de SAMSIC SAS.<\/p>\n<p>&nbsp;<\/p>\n<p><strong>1.3 Conception et r\u00e9alisation :<\/strong><\/p>\n<p>Le pr\u00e9sent site a \u00e9t\u00e9 con\u00e7u et r\u00e9alis\u00e9 par<strong>\u00a0la soci\u00e9t\u00e9 ARTWAI<\/strong>, soci\u00e9t\u00e9 \u00e0 responsabilit\u00e9 limit\u00e9e, au capital social de 95 000,00 \u20ac, dont le si\u00e8ge social est situ\u00e9 au 538 RTE DES POMMIERS, 35630 LANGOUET, immatricul\u00e9e au Registre du Commerce et des Soci\u00e9t\u00e9s de Rennes sous le num\u00e9ro 484 394 143 repr\u00e9sent\u00e9e par M. Nicolas CHATEL agissant et ayant les pouvoirs n\u00e9cessaires en tant que g\u00e9rant.<\/p>\n<p>Num\u00e9ro de t\u00e9l\u00e9phone : 06 27 75 57 11<\/p>\n<p>Adresse de courrier \u00e9lectronique : contact@artwai.com.<\/p>\n<p>&nbsp;<\/p>\n<p><strong>1.4 H\u00e9bergeur\u00a0<\/strong>:<\/p>\n<p><strong>Cognix Systems,<\/strong>\u00a0Soci\u00e9t\u00e9 au capital de 40 000 euros, dont le si\u00e8ge social est situ\u00e9 50 rue Paul Langevin \u2013 35200 Rennes, RCS Rennes B 444 724 462, num\u00e9ro SIRET : 444 724 462 00064 repr\u00e9sent\u00e9 par M. Davy CREMER, en sa qualit\u00e9 de Directeur de la publication.<\/p>\n<p>Num\u00e9ro de t\u00e9l\u00e9phone : 02 30 96 48 66<\/p>\n<p>Adresse de courrier \u00e9lectronique :\u00a0rennes@cognix-systems.com.<\/p>\n<p>Le cas \u00e9ch\u00e9ant, certains Services accessibles via l\u2019Application sont h\u00e9berg\u00e9s par des partenaires, contractants de l\u2019Editeur. Les coordonn\u00e9es de ces h\u00e9bergeurs sont tenues \u00e0 la disposition de tout Utilisateur.<\/p>\n<p>&nbsp;<\/p>\n<p><strong>1.5 Num\u00e9ro de TVA intracommunautaire\u00a0<\/strong>:<\/p>\n<p><strong>FR 87 385 103 023<\/strong><\/p>\n<p>&nbsp;<\/p>\n<p><strong>1.6 Cr\u00e9dits photos\u00a0<\/strong>:<\/p>\n<p>Service communication Samsic | Gwena\u00ebl Saliou | Studio Ikonik | Les Histoires d\u2019A | Adobe Stock | Patrice Dorizon | Stade Rennais F.C. \u2013 Explore Medias | Ark\u00e9a B&amp;B Hotels Cycling Team<\/p>\n<\/div>\n","protected":false},"excerpt":{"rendered":"<p>1.1 Site :\u00a0https:\/\/www.samsic.aero\/ 1.2\u00a0\u00c9diteur\u00a0(ci-apr\u00e8s l\u2019 \u00ab\u00a0\u00c9diteur\u00a0\u00bb) : SAMSIC SAS Soci\u00e9t\u00e9 par actions simplifi\u00e9e au capital de\u00a045\u00a0000 000 \u20ac Ayant son &hellip;<\/p>\n","protected":false},"author":1,"featured_media":0,"parent":0,"menu_order":0,"comment_status":"closed","ping_status":"closed","template":"","meta":{"_acf_changed":false,"footnotes":""},"class_list":["post-3488","page","type-page","status-publish","hentry"],"acf":[],"yoast_head":"<!-- This site is optimized with the Yoast SEO plugin v26.8 - https:\/\/yoast.com\/product\/yoast-seo-wordpress\/ -->\n<title>Politique de confidentialit\u00e9 | Samsic aero<\/title>\n<meta name=\"robots\" content=\"index, follow, max-snippet:-1, max-image-preview:large, max-video-preview:-1\" \/>\n<link rel=\"canonical\" href=\"https:\/\/www.samsic.aero\/fr\/politique-de-confidentialite\/\" \/>\n<meta property=\"og:locale\" content=\"fr_FR\" \/>\n<meta property=\"og:type\" content=\"article\" \/>\n<meta property=\"og:title\" content=\"Politique de confidentialit\u00e9 | Samsic aero\" \/>\n<meta property=\"og:description\" content=\"1.1 Site :\u00a0https:\/\/www.samsic.aero\/ 1.2\u00a0\u00c9diteur\u00a0(ci-apr\u00e8s l\u2019 \u00ab\u00a0\u00c9diteur\u00a0\u00bb) : SAMSIC SAS Soci\u00e9t\u00e9 par actions simplifi\u00e9e au capital de\u00a045\u00a0000 000 \u20ac Ayant son &hellip;\" \/>\n<meta property=\"og:url\" content=\"https:\/\/www.samsic.aero\/fr\/politique-de-confidentialite\/\" \/>\n<meta property=\"og:site_name\" content=\"Samsic aero\" \/>\n<meta property=\"article:modified_time\" content=\"2025-01-02T08:40:31+00:00\" \/>\n<meta property=\"og:image\" content=\"https:\/\/www.samsic.aero\/wp-content\/uploads\/2023\/04\/Samsic-1.jpg\" \/>\n\t<meta property=\"og:image:width\" content=\"150\" \/>\n\t<meta property=\"og:image:height\" content=\"150\" \/>\n\t<meta property=\"og:image:type\" content=\"image\/jpeg\" \/>\n<meta name=\"twitter:card\" content=\"summary_large_image\" \/>\n<meta name=\"twitter:label1\" content=\"Est. reading time\" \/>\n\t<meta name=\"twitter:data1\" content=\"2 minutes\" \/>\n<script type=\"application\/ld+json\" class=\"yoast-schema-graph\">{\"@context\":\"https:\/\/schema.org\",\"@graph\":[{\"@type\":\"WebPage\",\"@id\":\"https:\/\/www.samsic.aero\/fr\/politique-de-confidentialite\/\",\"url\":\"https:\/\/www.samsic.aero\/fr\/politique-de-confidentialite\/\",\"name\":\"Politique de confidentialit\u00e9 | Samsic aero\",\"isPartOf\":{\"@id\":\"https:\/\/www.samsic.aero\/fr\/#website\"},\"datePublished\":\"2023-04-04T12:04:13+00:00\",\"dateModified\":\"2025-01-02T08:40:31+00:00\",\"breadcrumb\":{\"@id\":\"https:\/\/www.samsic.aero\/fr\/politique-de-confidentialite\/#breadcrumb\"},\"inLanguage\":\"fr-FR\",\"potentialAction\":[{\"@type\":\"ReadAction\",\"target\":[\"https:\/\/www.samsic.aero\/fr\/politique-de-confidentialite\/\"]}]},{\"@type\":\"BreadcrumbList\",\"@id\":\"https:\/\/www.samsic.aero\/fr\/politique-de-confidentialite\/#breadcrumb\",\"itemListElement\":[{\"@type\":\"ListItem\",\"position\":1,\"name\":\"Accueil\",\"item\":\"https:\/\/www.samsic.aero\/fr\/\"},{\"@type\":\"ListItem\",\"position\":2,\"name\":\"Politique de confidentialit\u00e9\"}]},{\"@type\":\"WebSite\",\"@id\":\"https:\/\/www.samsic.aero\/fr\/#website\",\"url\":\"https:\/\/www.samsic.aero\/fr\/\",\"name\":\"Samsic aero\",\"description\":\"\",\"publisher\":{\"@id\":\"https:\/\/www.samsic.aero\/fr\/#organization\"},\"potentialAction\":[{\"@type\":\"SearchAction\",\"target\":{\"@type\":\"EntryPoint\",\"urlTemplate\":\"https:\/\/www.samsic.aero\/fr\/?s={search_term_string}\"},\"query-input\":{\"@type\":\"PropertyValueSpecification\",\"valueRequired\":true,\"valueName\":\"search_term_string\"}}],\"inLanguage\":\"fr-FR\"},{\"@type\":\"Organization\",\"@id\":\"https:\/\/www.samsic.aero\/fr\/#organization\",\"name\":\"Samsic\",\"url\":\"https:\/\/www.samsic.aero\/fr\/\",\"logo\":{\"@type\":\"ImageObject\",\"inLanguage\":\"fr-FR\",\"@id\":\"https:\/\/www.samsic.aero\/fr\/#\/schema\/logo\/image\/\",\"url\":\"https:\/\/www.samsic.aero\/wp-content\/uploads\/2023\/04\/Samsic-1.jpg\",\"contentUrl\":\"https:\/\/www.samsic.aero\/wp-content\/uploads\/2023\/04\/Samsic-1.jpg\",\"width\":150,\"height\":150,\"caption\":\"Samsic\"},\"image\":{\"@id\":\"https:\/\/www.samsic.aero\/fr\/#\/schema\/logo\/image\/\"},\"sameAs\":[\"https:\/\/www.linkedin.com\/showcase\/samsicairport\/\"]}]}<\/script>\n<!-- \/ Yoast SEO plugin. -->","yoast_head_json":{"title":"Politique de confidentialit\u00e9 | Samsic aero","robots":{"index":"index","follow":"follow","max-snippet":"max-snippet:-1","max-image-preview":"max-image-preview:large","max-video-preview":"max-video-preview:-1"},"canonical":"https:\/\/www.samsic.aero\/fr\/politique-de-confidentialite\/","og_locale":"fr_FR","og_type":"article","og_title":"Politique de confidentialit\u00e9 | Samsic aero","og_description":"1.1 Site :\u00a0https:\/\/www.samsic.aero\/ 1.2\u00a0\u00c9diteur\u00a0(ci-apr\u00e8s l\u2019 \u00ab\u00a0\u00c9diteur\u00a0\u00bb) : SAMSIC SAS Soci\u00e9t\u00e9 par actions simplifi\u00e9e au capital de\u00a045\u00a0000 000 \u20ac Ayant son &hellip;","og_url":"https:\/\/www.samsic.aero\/fr\/politique-de-confidentialite\/","og_site_name":"Samsic aero","article_modified_time":"2025-01-02T08:40:31+00:00","og_image":[{"width":150,"height":150,"url":"https:\/\/www.samsic.aero\/wp-content\/uploads\/2023\/04\/Samsic-1.jpg","type":"image\/jpeg"}],"twitter_card":"summary_large_image","twitter_misc":{"Est. reading time":"2 minutes"},"schema":{"@context":"https:\/\/schema.org","@graph":[{"@type":"WebPage","@id":"https:\/\/www.samsic.aero\/fr\/politique-de-confidentialite\/","url":"https:\/\/www.samsic.aero\/fr\/politique-de-confidentialite\/","name":"Politique de confidentialit\u00e9 | Samsic aero","isPartOf":{"@id":"https:\/\/www.samsic.aero\/fr\/#website"},"datePublished":"2023-04-04T12:04:13+00:00","dateModified":"2025-01-02T08:40:31+00:00","breadcrumb":{"@id":"https:\/\/www.samsic.aero\/fr\/politique-de-confidentialite\/#breadcrumb"},"inLanguage":"fr-FR","potentialAction":[{"@type":"ReadAction","target":["https:\/\/www.samsic.aero\/fr\/politique-de-confidentialite\/"]}]},{"@type":"BreadcrumbList","@id":"https:\/\/www.samsic.aero\/fr\/politique-de-confidentialite\/#breadcrumb","itemListElement":[{"@type":"ListItem","position":1,"name":"Accueil","item":"https:\/\/www.samsic.aero\/fr\/"},{"@type":"ListItem","position":2,"name":"Politique de confidentialit\u00e9"}]},{"@type":"WebSite","@id":"https:\/\/www.samsic.aero\/fr\/#website","url":"https:\/\/www.samsic.aero\/fr\/","name":"Samsic aero","description":"","publisher":{"@id":"https:\/\/www.samsic.aero\/fr\/#organization"},"potentialAction":[{"@type":"SearchAction","target":{"@type":"EntryPoint","urlTemplate":"https:\/\/www.samsic.aero\/fr\/?s={search_term_string}"},"query-input":{"@type":"PropertyValueSpecification","valueRequired":true,"valueName":"search_term_string"}}],"inLanguage":"fr-FR"},{"@type":"Organization","@id":"https:\/\/www.samsic.aero\/fr\/#organization","name":"Samsic","url":"https:\/\/www.samsic.aero\/fr\/","logo":{"@type":"ImageObject","inLanguage":"fr-FR","@id":"https:\/\/www.samsic.aero\/fr\/#\/schema\/logo\/image\/","url":"https:\/\/www.samsic.aero\/wp-content\/uploads\/2023\/04\/Samsic-1.jpg","contentUrl":"https:\/\/www.samsic.aero\/wp-content\/uploads\/2023\/04\/Samsic-1.jpg","width":150,"height":150,"caption":"Samsic"},"image":{"@id":"https:\/\/www.samsic.aero\/fr\/#\/schema\/logo\/image\/"},"sameAs":["https:\/\/www.linkedin.com\/showcase\/samsicairport\/"]}]}},"_links":{"self":[{"href":"https:\/\/www.samsic.aero\/fr\/wp-json\/wp\/v2\/pages\/3488","targetHints":{"allow":["GET"]}}],"collection":[{"href":"https:\/\/www.samsic.aero\/fr\/wp-json\/wp\/v2\/pages"}],"about":[{"href":"https:\/\/www.samsic.aero\/fr\/wp-json\/wp\/v2\/types\/page"}],"author":[{"embeddable":true,"href":"https:\/\/www.samsic.aero\/fr\/wp-json\/wp\/v2\/users\/1"}],"replies":[{"embeddable":true,"href":"https:\/\/www.samsic.aero\/fr\/wp-json\/wp\/v2\/comments?post=3488"}],"version-history":[{"count":2,"href":"https:\/\/www.samsic.aero\/fr\/wp-json\/wp\/v2\/pages\/3488\/revisions"}],"predecessor-version":[{"id":5031,"href":"https:\/\/www.samsic.aero\/fr\/wp-json\/wp\/v2\/pages\/3488\/revisions\/5031"}],"wp:attachment":[{"href":"https:\/\/www.samsic.aero\/fr\/wp-json\/wp\/v2\/media?parent=3488"}],"curies":[{"name":"wp","href":"https:\/\/api.w.org\/{rel}","templated":true}]}}